{"id":20,"date":"2024-11-27T21:06:17","date_gmt":"2024-11-27T21:06:17","guid":{"rendered":"https:\/\/juliavargas.org\/?page_id=20"},"modified":"2024-11-29T21:41:38","modified_gmt":"2024-11-29T21:41:38","slug":"biografia-julia-vargas","status":"publish","type":"page","link":"https:\/\/juliavargas.org\/?page_id=20","title":{"rendered":"Julia Vargas"},"content":{"rendered":"\n<div class=\"wp-block-cover alignfull is-light has-contrast-color has-text-color has-link-color wp-elements-7f6af83891fa232778c8405d9f5bcaa8\" style=\"margin-top:0;margin-bottom:0;padding-top:var(--wp--preset--spacing--60);padding-right:var(--wp--preset--spacing--50);padding-bottom:var(--wp--preset--spacing--60);padding-left:var(--wp--preset--spacing--50);min-height:1141px;aspect-ratio:unset;\"><span aria-hidden=\"true\" class=\"wp-block-cover__background has-base-background-color has-background-dim-100 has-background-dim\"><\/span><div class=\"wp-block-cover__inner-container is-layout-constrained wp-container-core-cover-is-layout-d2c42570 wp-block-cover-is-layout-constrained\">\n<div class=\"wp-block-columns alignwide is-layout-flex wp-container-core-columns-is-layout-a2d7b65f wp-block-columns-is-layout-flex\">\n<div class=\"wp-block-column is-layout-flow wp-block-column-is-layout-flow\" style=\"flex-basis:65%\">\n<div class=\"wp-block-group is-vertical is-content-justification-stretch is-layout-flex wp-container-core-group-is-layout-b16ad781 wp-block-group-is-layout-flex\">\n<h5 class=\"wp-block-heading has-text-align-right is-style-text-display\" style=\"font-size:2.1rem;font-style:normal;font-weight:300;letter-spacing:-0.03em;line-height:1.4\"><strong>Julia Vargas: Fot\u00f3grafa y Cineasta<br>(5 de febrero de 1942 &#8211; 1 de abril de 2018)<\/strong><br><\/h5>\n\n\n\n<p class=\"is-style-default has-medium-font-size\">Julia Vargas, fue\u00a0 hija\u00a0 de\u00a0 inmigrantes\u00a0 jud\u00edos,\u00a0 que\u00a0 huyendo\u00a0 de\u00a0 la\u00a0 muerte\u00a0 llegaron\u00a0 a\u00a0 Bolivia,\u00a0 un\u00a0 pa\u00eds\u00a0 absolutamente\u00a0 desconocido\u00a0 para\u00a0 ellos.\u00a0 Julia naci\u00f3\u00a0 ya\u00a0 en\u00a0 tierras\u00a0 bolivianas,\u00a0 marcando\u00a0 el\u00a0 sello\u00a0 de\u00a0 esa\u00a0 identidad\u00a0 h\u00edbrida\u00a0 que\u00a0 la caracteriz\u00f3 a lo largo de su vida.\u00a0 Pas\u00f3\u00a0 sus\u00a0 primeros\u00a0 a\u00f1os\u00a0 en\u00a0 las\u00a0 minas\u00a0 de\u00a0 La Chojlla, montando un\u00a0 burro\u00a0 por\u00a0 los\u00a0 senderos\u00a0 pedregosos\u00a0 de\u00a0 las\u00a0 laderas.\u00a0 Vivi\u00f3\u00a0 en\u00a0 La\u00a0 Paz\u00a0 de\u00a0 peque\u00f1a y tambi\u00e9n en Cochabamba, donde experiment\u00f3 una infancia alegre y aventurada.\u00a0<\/p>\n\n\n\n<p class=\"has-medium-font-size\">A una temprana edad vio truncado su sue\u00f1o de ser ingeniera, debido a las restricciones sociales de la \u00e9poca que no permit\u00edan que las mujeres siguieran esa profesi\u00f3n, seg\u00fan la creencia de su padre. Este obst\u00e1culo, aunque inicialmente desafiante, result\u00f3 ser un giro afortunado en su vida y la condujo posteriormente a emprender su viaje hacia Europa, donde descubri\u00f3 su verdadera pasi\u00f3n: la fotograf\u00eda. All\u00ed, se\u00a0 form\u00f3\u00a0 en\u00a0 la\u00a0 Escuela\u00a0 Nacional de\u00a0 Fotograf\u00eda\u00a0 de\u00a0 Vevey.\u00a0\u00a0<\/p>\n\n\n\n<p class=\"is-style-default has-medium-font-size\">Tras formarse en Suiza, Julia regres\u00f3 a Bolivia, se cas\u00f3 a los 23 a\u00f1os y dio vida a una familia propia, teniendo tres hijos: Ver\u00f3nica, Eduardo y Crista. Como madre moderna de los a\u00f1os 60, impuls\u00f3 actividades creativas y comparti\u00f3 momentos significativos con su familia, como ser la\u00a0 esperada\u00a0 historia\u00a0 de\u00a0 cada\u00a0 noche,\u00a0 cuyo\u00a0 final,\u00a0 sin\u00a0 duda,\u00a0 fue\u00a0 su\u00a0 primer\u00a0 gran\u00a0 desaf\u00edo\u00a0 como\u00a0 guionista.\u00a0 Julia, fue una mujer de esp\u00edritu libre y viajero, una mujer a la cual le\u00a0 gustaba\u00a0 el\u00a0 yoga\u00a0 y\u00a0 el\u00a0 baile, la cueca, el tango y la sardana, quien poco a poco fue construyendo una carrera prol\u00edfica como fot\u00f3grafa y cineasta con un enfoque especial en la realidad social boliviana, esfera de su vida que no estaba separada del ser madre.\u00a0<\/p>\n<\/div>\n<\/div>\n\n\n\n<div class=\"wp-block-column is-layout-flow wp-block-column-is-layout-flow\" style=\"flex-basis:50%\">\n<div class=\"wp-block-group is-vertical is-content-justification-stretch is-nowrap is-layout-flex wp-container-core-group-is-layout-41f9fede wp-block-group-is-layout-flex\">\n<figure class=\"wp-block-image size-full is-resized\"><img loading=\"lazy\" decoding=\"async\" width=\"439\" height=\"615\" src=\"https:\/\/juliavargas.org\/wp-content\/uploads\/2024\/11\/Julia-ojo.png\" alt=\"\" class=\"wp-image-22\" style=\"aspect-ratio:0.75;object-fit:cover;width:347px;height:auto\" srcset=\"https:\/\/juliavargas.org\/wp-content\/uploads\/2024\/11\/Julia-ojo.png 439w, https:\/\/juliavargas.org\/wp-content\/uploads\/2024\/11\/Julia-ojo-214x300.png 214w\" sizes=\"(max-width: 439px) 100vw, 439px\" \/><\/figure>\n<\/div>\n\n\n\n<div class=\"wp-block-group is-vertical is-layout-flex wp-container-core-group-is-layout-8cf370e7 wp-block-group-is-layout-flex\">\n<figure class=\"wp-block-image size-full is-resized\"><img loading=\"lazy\" decoding=\"async\" width=\"510\" height=\"607\" src=\"https:\/\/juliavargas.org\/wp-content\/uploads\/2024\/11\/Rodaje-ultimo-tren.png\" alt=\"\" class=\"wp-image-30\" style=\"width:348px;height:auto\" srcset=\"https:\/\/juliavargas.org\/wp-content\/uploads\/2024\/11\/Rodaje-ultimo-tren.png 510w, https:\/\/juliavargas.org\/wp-content\/uploads\/2024\/11\/Rodaje-ultimo-tren-252x300.png 252w\" sizes=\"(max-width: 510px) 100vw, 510px\" \/><\/figure>\n<\/div>\n<\/div>\n<\/div>\n<\/div><\/div>\n\n\n\n<details class=\"wp-block-details alignwide is-layout-flow wp-block-details-is-layout-flow\"><summary>Su vida profesional<\/summary>\n<div class=\"wp-block-group\"><div class=\"wp-block-group__inner-container is-layout-constrained wp-block-group-is-layout-constrained\">\n<p class=\"has-medium-font-size\">Julia Vargas fue una destacada fot\u00f3grafa profesional, educadora, guionista y directora de cine. Enmarcada en la historia cultural y art\u00edstica de Bolivia, Julia se erige como una pionera esencial en el \u00e1mbito de la fotograf\u00eda, destac\u00e1ndose como la primera mujer fot\u00f3grafa de Bolivia. Su carrera, marcada por la dedicaci\u00f3n y la pasi\u00f3n por capturar la esencia de Bolivia, se inici\u00f3 en 1964, momento en el cual regres\u00f3 a su tierra natal con un t\u00edtulo suizo de la \u201cEcole des Arts et M\u00e9tiers\u201d, una c\u00e1mara y la determinaci\u00f3n de explorar su vocaci\u00f3n.&nbsp;<\/p>\n\n\n\n<p class=\"has-medium-font-size\">A lo largo de cinco d\u00e9cadas, se sumergi\u00f3 en la vastedad del mundo que se presentaba ante su lente, fotografiando el la diversidad cultural y social en Bolivia y el mundo, capturando rostros, rutinas, festividades, hitos hist\u00f3ricos, paisajes y un sin fin de instantes que hoy son parte del archivo fotogr\u00e1fico que narra fragmentos de nuestra historia. Su mirada se pos\u00f3 en lo urbano y lo rural, explorando los sectores m\u00e1s marginados de la sociedad, la pobreza, la ritualidad y la muerte. Los ni\u00f1os, los protagonistas pol\u00edticos y culturales tambi\u00e9n fueron objeto de su enfoque, culminando en un extenso archivo visual que no s\u00f3lo documenta la Bolivia de anta\u00f1o, sino que tambi\u00e9n destila la identidad y la riqueza cultural del pa\u00eds.<\/p>\n\n\n\n<p class=\"has-accent-4-color has-text-color has-link-color has-medium-font-size wp-elements-50a90d772f957940339dbcc544662611\"><em>\u201cEn esas im\u00e1genes fui reubic\u00e1ndome ideol\u00f3gicamente como boliviana, redescubriendo la belleza de nuestra geograf\u00eda y constatando nuestra inmensa riqueza cultural. [\u2026] Las miles de im\u00e1genes tomadas, son mi riqueza acumulada y en parte el acervo de una Bolivia que ya no existe\u201d (Julia Vargas, 2017)<\/em><\/p>\n\n\n\n<p class=\"has-medium-font-size\">A lo largo de sus 50 a\u00f1os de carrera en fotograf\u00eda ha participado en exposiciones colectivas y unipersonales en Suiza, Canad\u00e1, Alemania (Photokina), Francia, Espa\u00f1a, U.S.A. (Nueva York), Brasil, Chile, Uruguay, Argentina, adem\u00e1s de varias ciudades de Bolivia; realiz\u00f3 30 exposiciones, obteniendo premios tanto nacionales como internacionales.&nbsp;<\/p>\n\n\n\n<p class=\"has-medium-font-size\">Entre sus publicaciones unipersonales se encuentran: \u201cCochabamba en 25 im\u00e1genes\u201d publicado en 1980; y \u00abTierra Adentro\u00bb, un libro fotogr\u00e1fico que recopila en 100 im\u00e1genes \u2014en blanco y negro y color\u2014 una parte de Bolivia, publicado en 1988. Previo a su fallecimiento dej\u00f3 el boceto de su siguiente publicaci\u00f3n: \u201cBolivia con Ojos de Mujer\u201d, el cual plasma su recorrido a lo largo de estos 50 a\u00f1os de carrera profesional.<\/p>\n\n\n\n<p class=\"has-medium-font-size\">Julia Vargas encontr\u00f3 su segundo amor en el cine, una pasi\u00f3n que floreci\u00f3 a trav\u00e9s de los talleres de Luis Espinal en La Paz. Su incursi\u00f3n en la cinematograf\u00eda se materializ\u00f3 con la creaci\u00f3n de la organizaci\u00f3n de Audiovisuales Educativos (AVE) en 1980, durante la dictadura, como un espacio desafiante y educativo destinado a fomentar la reflexi\u00f3n, fortalecer la autoestima, estimular la creatividad, promover la solidaridad, el trabajo en grupo, la conciencia de g\u00e9nero y la defensa de los derechos de ni\u00f1os y j\u00f3venes trabajadores.<\/p>\n\n\n\n<p class=\"has-medium-font-size\">Bajo su liderazgo, AVE logr\u00f3 producir y coproducir m\u00e1s de 80 piezas audiovisuales, involucrando a m\u00e1s de 2.000 talleristas y beneficiando a 120.000 personas a trav\u00e9s de proyecciones y debates. Julia Vargas desempe\u00f1\u00f3 un papel crucial en el uso de herramientas audiovisuales, desde el \u00abcine de pobre\u00bb con diapositivas y banda sonora hasta la incorporaci\u00f3n del video. Estos elementos fueron esenciales para la denuncia, el debate, la resistencia y la afirmaci\u00f3n social en Bolivia. Particip\u00f3 activamente en el Movimiento de Video Latinoamericano, colaborando con numerosos realizadores y ONGs bolivianas para cuestionar y desafiar el dominio de las corporaciones internacionales en el espacio audiovisual, que en ese momento era pr\u00e1cticamente inaccesible para el pueblo. Julia Vargas mantuvo su creencia en el poder educativo de los medios audiovisuales hasta el final de su vida. No solo los consideraba herramientas comunicativas, sino tambi\u00e9n instrumentos para mejorar la capacidad cr\u00edtica ante los medios masivos. Su inquebrantable convicci\u00f3n gui\u00f3 su actuar en los a\u00f1os venideros.<\/p>\n\n\n\n<p class=\"has-medium-font-size\">Inmersa en el mundo del cine, Julia Vargas luch\u00f3 por la Ley de Cine en Bolivia, adapt\u00e1ndose a la narrativa cinematogr\u00e1fica. Su dedicaci\u00f3n culmin\u00f3 con la obtenci\u00f3n de la Ley de Cine, pero tambi\u00e9n signific\u00f3 la necesidad de reaprender y evolucionar.&nbsp;<\/p>\n\n\n\n<p class=\"has-medium-font-size\">Transit\u00f3 de la instant\u00e1nea fotogr\u00e1fica a la narrativa cinematogr\u00e1fica, del trabajo solitario al colaborativo y de la imagen a la escritura. Este nuevo camino alcanz\u00f3 su apogeo en su tercer largometraje, fusionando su habilidad fotogr\u00e1fica con la narrativa cinematogr\u00e1fica para ofrecer una perspectiva \u00fanica de Bolivia, marcando as\u00ed un hito en su ya ilustre trayectoria. Como directora cinematogr\u00e1fica, a lo largo de su carrera, dirigi\u00f3 un total de 16 obras cinematogr\u00e1ficas, abarcando cortometrajes de ficci\u00f3n, documentales y tres largometrajes, siendo \u00abCarga sellada\u00bb (2015) su obra final.<\/p>\n\n\n\n<p class=\"has-medium-font-size\">La esencia del trabajo de Julia Vargas radicaba en la capacidad de capturar la profundidad y complejidad de la vida humana a trav\u00e9s de la fotograf\u00eda y el cine. Su enfoque no solo estaba en la est\u00e9tica visual, sino en contar historias aut\u00e9nticas y conmovedoras que reflejaran la realidad social y cultural de Bolivia. Julia dej\u00f3 un legado art\u00edstico arraigado en su sensibilidad, reivindicaciones, amor por la tierra boliviana y una dedicaci\u00f3n incansable a expresar las verdades humanas en un contexto complejo y fascinante. Su trabajo trascendi\u00f3 el arte para convertirse en un testimonio y una contribuci\u00f3n valiosa a la comprensi\u00f3n de la historia y las identidades bolivianas.<\/p>\n\n\n\n<p class=\"has-medium-font-size\">Julia Vargas falleci\u00f3 el 1ro. de abril del 2018 a los 76 a\u00f1os en Barcelona.<\/p>\n<\/div><\/div>\n<\/details>\n\n\n\n<details class=\"wp-block-details alignwide is-layout-flow wp-block-details-is-layout-flow\"><summary>Premios logrados<\/summary>\n<p class=\"has-medium-font-size\">2016 PREMIO MEJOR DIRECTOR International Film Festival Marbella.<\/p>\n\n\n\n<p class=\"has-medium-font-size\">2016 Premio mejor Fotograf\u00eda a \u201cCarga Sellada\u201d Festival Internacional de Cine Erkuhuleni.<\/p>\n\n\n\n<p class=\"has-medium-font-size\">2015 PREMIO ESPECIAL DEL JURADO por \u201cCarga Sellada\u201d Festival Internacional de Cine de India, Goa.<\/p>\n\n\n\n<p class=\"has-medium-font-size\">2005 PREMIO TRAYECTORIA DE VIDA de la Municipalidad de Cochabamba<\/p>\n\n\n\n<p class=\"has-medium-font-size\">1999 Festival de Rosario premio a banda sonora de \u201cEl Fragor del silencio\u201d<\/p>\n\n\n\n<p class=\"has-medium-font-size\">1992 Gran Premio C\u00f3ndor de Plata y Jorge Ruiz por el corto \u201cA los pies del Tatala\u201d<\/p>\n\n\n\n<p class=\"has-medium-font-size\">1991 Gran Premio C\u00f3ndor de Plata por el corto \u201cEl hombre s\u00edmbolo\u201d<\/p>\n<\/details>\n\n\n\n<details class=\"wp-block-details alignwide is-layout-flow wp-block-details-is-layout-flow\"><summary>Exposiciones fotogr\u00e1ficas<\/summary>\n<p class=\"has-medium-font-size\">2014 Exposici\u00f3n \u201cPachamama\u201d ARGENTINA Buenos Aires Museo de la mujer<\/p>\n\n\n\n<p class=\"has-medium-font-size\">2013 Dia de la mujer BOLIVIA Cochabamba Universidad San Sim\u00f3n<\/p>\n\n\n\n<p class=\"has-medium-font-size\">2011 Buenos Aires Photo ARGENTINA Buenos Aires PALAIS DE GLACE<\/p>\n\n\n\n<p class=\"has-medium-font-size\">1980\/2000 60 audiovisuales BOLIVIA Cochabamba AVE<\/p>\n\n\n\n<p class=\"has-medium-font-size\">1993 Exposici\u00f3n unipersonal CHILE Santiago Universidad Cat\u00f3lica<\/p>\n\n\n\n<p class=\"has-medium-font-size\">1992\/1993 Invitada Exposici\u00f3n \u201cValencia 500 a\u00f1os\u201d ESPA\u00d1A Valencia AGFOVAL<\/p>\n\n\n\n<p class=\"has-medium-font-size\">1992 Premio monocromo Exposici\u00f3n Latinoamericana ARGENTINA Buenos Aires<\/p>\n\n\n\n<p class=\"has-medium-font-size\">1992 Exposici\u00f3n itinerante y talleres CHILE Santiago<\/p>\n\n\n\n<p class=\"has-medium-font-size\">1991 Exposici\u00f3n unipersonal URUGUAY Montevideo<\/p>\n\n\n\n<p class=\"has-medium-font-size\">1989 1era expositora extranjera ARGENTINA Buenos Aires Foto Club Buenos Aires<\/p>\n\n\n\n<p class=\"has-medium-font-size\">1985 \u201cRostros de mi Pueblo\u201d exposici\u00f3n ARGENTINA Buenos Aires Cultural Sn. Mart\u00edn<\/p>\n\n\n\n<p class=\"has-medium-font-size\">1983 Exposici\u00f3n Fotogr\u00e1fica ITALIA Milano<\/p>\n\n\n\n<p class=\"has-medium-font-size\">1980 Ganadora concurso Unicef \u201cPresencia del ni\u00f1o en las Am\u00e9ricas\u201d CHILE Santiago UNICEF<\/p>\n\n\n\n<p class=\"has-medium-font-size\">1980 Exposici\u00f3n unipersonal BRASIL Sao Paulo Museo de Arte -MASP<\/p>\n\n\n\n<p class=\"has-medium-font-size\">1979 Desnudos BOLIVIA Cochabamba CBA<\/p>\n\n\n\n<p class=\"has-medium-font-size\">1978 Exposici\u00f3n unipersonal BOLIVIA Santa Cruz Casa de la Cultura<\/p>\n\n\n\n<p class=\"has-medium-font-size\">1977 Exposici\u00f3n unipersonal U.S.A. Nueva York Fourth Street Gallery<\/p>\n\n\n\n<p class=\"has-medium-font-size\">1976 \u201cRostros de mi Pueblo\u201d exposici\u00f3n BOLIVIA La Paz Galer\u00eda Emusa<\/p>\n\n\n\n<p class=\"has-medium-font-size\">1976 Menci\u00f3n honor\u00edfica en Habitat CANADA Vancouver<\/p>\n\n\n\n<p class=\"has-medium-font-size\">1975 Exposici\u00f3n colectiva \u201cUn Mundo Para Todos\u201d FRANCIA Paris<\/p>\n\n\n\n<p class=\"has-medium-font-size\">1974 Seleccionada para \u201cPhotokina\u201d ALEMANIA Colonia PHOTOKINA<\/p>\n\n\n\n<p class=\"has-medium-font-size\">1974 La exposici\u00f3n en Bolivia de Arte Xerogr\u00e1fico BOLIVIA Cochabamba Sal\u00f3n Gildaro Antezana<\/p>\n\n\n\n<p class=\"has-medium-font-size\">1972XX1V Sal\u00f3n de Arte Fotogr\u00e1fico BRASIL Niteroi<\/p>\n\n\n\n<p class=\"has-medium-font-size\">1972 \u201cRostros de mi Pueblo\u201d exposici\u00f3n BOLIVIA Santa Cruz Alianza Francesa<\/p>\n\n\n\n<p class=\"has-medium-font-size\">1972 \u201cRostros de mi Pueblo\u201d exposici\u00f3n BOLIVIA Cochabamba Centro Portales<\/p>\n\n\n\n<p class=\"has-medium-font-size\">1971 Exposici\u00f3n fotos BOLIVIA Cochabamba Centro Portales<\/p>\n\n\n\n<p class=\"has-medium-font-size\">1968 Primera exposici\u00f3n individual BOLIVIA Cochabamba Casa de la Cultura<\/p>\n\n\n\n<p class=\"has-medium-font-size\">1963 Exposici\u00f3n colectiva \u201cLa Mano del Hombre\u201d SUIZA Neuchatel<\/p>\n<\/details>\n\n\n\n<details class=\"wp-block-details alignwide is-layout-flow wp-block-details-is-layout-flow\"><summary>Cortos de ficci\u00f3n<\/summary>\n<p class=\"has-medium-font-size\">El hombre s\u00edmbolo\u00a0<\/p>\n\n\n\n<p class=\"has-medium-font-size\">A los pies del Tatala\u00a0\u00a0<\/p>\n\n\n\n<p class=\"has-medium-font-size\">Solo Pancho\u00a0\u00a0<\/p>\n\n\n\n<p class=\"has-medium-font-size\">Para Elisa\u00a0\u00a0<\/p>\n\n\n\n<p class=\"has-medium-font-size\">Videoni\u00f1o\u00a0\u00a0<\/p>\n\n\n\n<p class=\"has-medium-font-size\">Lobo encerrado clip<\/p>\n<\/details>\n\n\n\n<details class=\"wp-block-details alignwide is-layout-flow wp-block-details-is-layout-flow\"><summary>Documentales<\/summary>\n<p class=\"has-medium-font-size\">Detr\u00e1s de la m\u00e1scara\u00a0\u00a0<\/p>\n\n\n\n<p class=\"has-medium-font-size\">El ritual del recuerdo\u00a0\u00a0<\/p>\n\n\n\n<p class=\"has-medium-font-size\">El fragor del silencio\u00a0\u00a0<\/p>\n\n\n\n<p class=\"has-medium-font-size\">Los ni\u00f1os al parlamento\u00a0\u00a0<\/p>\n\n\n\n<p class=\"has-medium-font-size\">La visita\u00a0\u00a0<\/p>\n\n\n\n<p class=\"has-medium-font-size\">Elay cantata\u00a0<\/p>\n\n\n\n<p class=\"has-medium-font-size\">Shirley milagrera<\/p>\n<\/details>\n\n\n\n<details class=\"wp-block-details alignwide is-layout-flow wp-block-details-is-layout-flow\"><summary>Largometrajes<\/summary>\n<p class=\"has-medium-font-size\"><a href=\"https:\/\/frombolivia.com\/peliculas-nacionales\/esito-seria-2004\/\">Esito ser\u00eda<\/a>\u2026.La vida es un carnaval (2004)<\/p>\n\n\n\n<p class=\"has-medium-font-size\">Patricia, una vez basta (2005)\u00a0<\/p>\n\n\n\n<p class=\"has-medium-font-size\"><a href=\"https:\/\/frombolivia.com\/peliculas-nacionales\/carga-sellada-2015\/\">Carga Sellada<\/a> (2015)<\/p>\n<\/details>\n\n\n\n<details class=\"wp-block-details alignwide is-layout-flow wp-block-details-is-layout-flow\"><summary>Publicaciones<\/summary>\n<p class=\"has-medium-font-size\">Cochabamba en 25 im\u00e1genes &#8211; Editorial Universo; AVE turismo, 1980.<\/p>\n\n\n\n<p class=\"has-medium-font-size\">Colaboraci\u00f3n en Chi Troppo e chi niente. Mostra fotografica A cura del Centro Diframma. Canon. comune di Genova, 1986<\/p>\n\n\n\n<p class=\"has-medium-font-size\">Tierra adentro ,1988.<\/p>\n\n\n\n<p class=\"has-medium-font-size\">Colaboraci\u00f3n en: Chiquitan\u00eda Exposici\u00f3n Fotogr\u00e1fica. Centro Intencionalidad de Formaci\u00f3n para el Desarrollo AECI \/ ICI, Museo Nacional de Arte, CORDECRUZ y Embajada de Espa\u00f1a en Bolivia. 1992.<\/p>\n\n\n\n<p class=\"has-medium-font-size\">Colaboraci\u00f3n en: Valencia Imagen 500 Aniversario, 1992.<\/p>\n\n\n\n<p class=\"has-medium-font-size\">Colaboraci\u00f3n en Fotolenguaje DIN\u00c1MICAS &#8211; Editorial Talleres Escuela \u201cDon Bosco\u201d, el Alto.<\/p>\n\n\n\n<p class=\"has-medium-font-size\">Colaboraci\u00f3n en Nota Espacio de Arte, La Paz, 2006.<\/p>\n\n\n\n<p class=\"has-medium-font-size\">Colaboraci\u00f3n en: DECURSOS Revista de Ciencias Sociales A\u00f1o XIX, N\u00famero 37 Junio 2018, CESU UMSS<\/p>\n\n\n\n<p class=\"has-medium-font-size\">Colaboraci\u00f3n en: Presencia del ni\u00f1o en las am\u00e9ricas, Fondo de las Naciones Unidas para la Infancia, Oficina Regional para las Am\u00e9ricas UNICEF<\/p>\n<\/details>\n\n\n\n<div class=\"wp-block-group\"><div class=\"wp-block-group__inner-container is-layout-constrained wp-block-group-is-layout-constrained\">\n<figure class=\"wp-block-image alignwide size-full\" style=\"margin-top:0;margin-bottom:0\"><img loading=\"lazy\" decoding=\"async\" width=\"885\" height=\"586\" src=\"https:\/\/juliavargas.org\/wp-content\/uploads\/2024\/11\/julia-helicoptero.png\" alt=\"\" class=\"wp-image-26\" srcset=\"https:\/\/juliavargas.org\/wp-content\/uploads\/2024\/11\/julia-helicoptero.png 885w, https:\/\/juliavargas.org\/wp-content\/uploads\/2024\/11\/julia-helicoptero-300x199.png 300w, https:\/\/juliavargas.org\/wp-content\/uploads\/2024\/11\/julia-helicoptero-768x509.png 768w\" sizes=\"(max-width: 885px) 100vw, 885px\" \/><\/figure>\n<\/div><\/div>\n\n\n\n<p><\/p>\n","protected":false},"excerpt":{"rendered":"","protected":false},"author":1,"featured_media":0,"parent":0,"menu_order":0,"comment_status":"closed","ping_status":"closed","template":"","meta":{"saved_in_kubio":false,"footnotes":""},"class_list":["post-20","page","type-page","status-publish","hentry"],"kubio_ai_page_context":{"short_desc":"","purpose":"general"},"_links":{"self":[{"href":"https:\/\/juliavargas.org\/index.php?rest_route=\/wp\/v2\/pages\/20","targetHints":{"allow":["GET"]}}],"collection":[{"href":"https:\/\/juliavargas.org\/index.php?rest_route=\/wp\/v2\/pages"}],"about":[{"href":"https:\/\/juliavargas.org\/index.php?rest_route=\/wp\/v2\/types\/page"}],"author":[{"embeddable":true,"href":"https:\/\/juliavargas.org\/index.php?rest_route=\/wp\/v2\/users\/1"}],"replies":[{"embeddable":true,"href":"https:\/\/juliavargas.org\/index.php?rest_route=%2Fwp%2Fv2%2Fcomments&post=20"}],"version-history":[{"count":7,"href":"https:\/\/juliavargas.org\/index.php?rest_route=\/wp\/v2\/pages\/20\/revisions"}],"predecessor-version":[{"id":165,"href":"https:\/\/juliavargas.org\/index.php?rest_route=\/wp\/v2\/pages\/20\/revisions\/165"}],"wp:attachment":[{"href":"https:\/\/juliavargas.org\/index.php?rest_route=%2Fwp%2Fv2%2Fmedia&parent=20"}],"curies":[{"name":"wp","href":"https:\/\/api.w.org\/{rel}","templated":true}]}}